{"id":36794,"date":"2020-11-16T12:30:45","date_gmt":"2020-11-16T12:30:45","guid":{"rendered":"https:\/\/www.hgi-cgs.hr\/?page_id=36794"},"modified":"2023-03-16T07:54:14","modified_gmt":"2023-03-16T07:54:14","slug":"responsa-novosti-obavijesti","status":"publish","type":"page","link":"https:\/\/www.hgi-cgs.hr\/en\/responsa-novosti-obavijesti\/","title":{"rendered":"RESPONSa &#8211; Novosti &#038; Obavijesti"},"content":{"rendered":"<p>[et_pb_section fb_built=&#8221;1&#8243; fullwidth=&#8221;on&#8221; _builder_version=&#8221;4.16&#8243; custom_padding=&#8221;0px||0px|||&#8221; global_colors_info=&#8221;{}&#8221;][et_pb_fullwidth_slider _builder_version=&#8221;4.16&#8243; min_height=&#8221;112px&#8221; height=&#8221;400px&#8221; custom_margin=&#8221;0px||||false|false&#8221; custom_padding=&#8221;0px||18px||false|false&#8221; auto=&#8221;on&#8221; auto_ignore_hover=&#8221;on&#8221; locked=&#8221;off&#8221; global_colors_info=&#8221;{}&#8221;][et_pb_slide heading=&#8221;Hrvatski geolo\u0161ki institut&#8221; _builder_version=&#8221;4.16&#8243; header_font=&#8221;|||on|||||&#8221; background_image=&#8221;https:\/\/www.hgi-cgs.hr\/wp-content\/uploads\/2020\/03\/Br\u010di\u0107_Drvenik02-scaled.jpg&#8221; background_enable_image=&#8221;on&#8221; locked=&#8221;off&#8221; global_colors_info=&#8221;{}&#8221; sticky_transition=&#8221;on&#8221;][\/et_pb_slide][et_pb_slide heading=&#8221;Hrvatski geolo\u0161ki institut&#8221; _builder_version=&#8221;4.16&#8243; header_font=&#8221;|||on|||||&#8221; background_image=&#8221;https:\/\/www.hgi-cgs.hr\/wp-content\/uploads\/2020\/03\/ban2-scaled.jpg&#8221; background_enable_image=&#8221;on&#8221; locked=&#8221;off&#8221; global_colors_info=&#8221;{}&#8221; sticky_transition=&#8221;on&#8221;][\/et_pb_slide][et_pb_slide heading=&#8221;Hrvatski geolo\u0161ki institut&#8221; _builder_version=&#8221;4.16&#8243; header_font=&#8221;|||on|||||&#8221; background_image=&#8221;https:\/\/www.hgi-cgs.hr\/wp-content\/uploads\/2020\/03\/20190228_094232-scaled.jpg&#8221; background_enable_image=&#8221;on&#8221; locked=&#8221;off&#8221; global_colors_info=&#8221;{}&#8221; sticky_transition=&#8221;on&#8221;][\/et_pb_slide][et_pb_slide heading=&#8221;Hrvatski geolo\u0161ki institut&#8221; _builder_version=&#8221;4.16&#8243; header_font=&#8221;|||on|||||&#8221; background_image=&#8221;https:\/\/www.hgi-cgs.hr\/wp-content\/uploads\/2020\/03\/ban3-scaled.jpg&#8221; background_enable_image=&#8221;on&#8221; locked=&#8221;off&#8221; global_colors_info=&#8221;{}&#8221; sticky_transition=&#8221;on&#8221;][\/et_pb_slide][et_pb_slide heading=&#8221;Hrvatski geolo\u0161ki institut&#8221; _builder_version=&#8221;4.16&#8243; header_font=&#8221;|||on|||||&#8221; background_image=&#8221;https:\/\/www.hgi-cgs.hr\/wp-content\/uploads\/2020\/03\/Bijele_stijene-Gorski_kotar-scaled.jpg&#8221; background_enable_image=&#8221;on&#8221; locked=&#8221;off&#8221; global_colors_info=&#8221;{}&#8221; sticky_transition=&#8221;on&#8221;][\/et_pb_slide][et_pb_slide heading=&#8221;Hrvatski geolo\u0161ki institut&#8221; _builder_version=&#8221;4.16&#8243; header_font=&#8221;|||on|||||&#8221; background_image=&#8221;https:\/\/www.hgi-cgs.hr\/wp-content\/uploads\/2020\/03\/ban4-scaled.jpg&#8221; background_enable_image=&#8221;on&#8221; locked=&#8221;off&#8221; global_colors_info=&#8221;{}&#8221; sticky_transition=&#8221;on&#8221;][\/et_pb_slide][et_pb_slide heading=&#8221;Hrvatski geolo\u0161ki institut&#8221; _builder_version=&#8221;4.16&#8243; header_font=&#8221;|||on|||||&#8221; background_image=&#8221;https:\/\/www.hgi-cgs.hr\/wp-content\/uploads\/2020\/03\/ban5-scaled.jpg&#8221; background_enable_image=&#8221;on&#8221; locked=&#8221;off&#8221; global_colors_info=&#8221;{}&#8221; sticky_transition=&#8221;on&#8221;][\/et_pb_slide][\/et_pb_fullwidth_slider][\/et_pb_section][et_pb_section fb_built=&#8221;1&#8243; _builder_version=&#8221;4.16&#8243; custom_padding=&#8221;20px||41px|||&#8221; global_colors_info=&#8221;{}&#8221;][et_pb_row _builder_version=&#8221;4.16&#8243; global_colors_info=&#8221;{}&#8221;][et_pb_column type=&#8221;4_4&#8243; _builder_version=&#8221;4.16&#8243; global_colors_info=&#8221;{}&#8221;][et_pb_text _builder_version=&#8221;4.16&#8243; text_font_size=&#8221;32px&#8221; header_2_text_color=&#8221;#1e5096&#8243; custom_margin=&#8221;||27px|||&#8221; global_colors_info=&#8221;{}&#8221;]<\/p>\n<h2 style=\"text-align: center; color: #1e5096;\"><strong>RESPONSa &#8211; NOVOSTI &amp; OBAVIJESTI<br \/><\/strong><\/h2>\n<p>[\/et_pb_text][et_pb_image src=&#8221;https:\/\/www.hgi-cgs.hr\/wp-content\/uploads\/2021\/02\/RESPONSa_color_cover_re.jpg&#8221; title_text=&#8221;RESPONSa_color_cover_re&#8221; _builder_version=&#8221;4.16&#8243; _module_preset=&#8221;default&#8221; width=&#8221;45%&#8221; module_alignment=&#8221;center&#8221; custom_margin=&#8221;||12px|||&#8221; global_colors_info=&#8221;{}&#8221;][\/et_pb_image][et_pb_text _builder_version=&#8221;4.16&#8243; _module_preset=&#8221;default&#8221; width=&#8221;65%&#8221; module_alignment=&#8221;center&#8221; custom_margin=&#8221;||0px|||&#8221; global_colors_info=&#8221;{}&#8221;]<\/p>\n<p><em><strong>Lead partner and project partners:<\/strong> Croatian geological survey; Faculty of Mining, Geology and Civil Engineering (RGGF); Geological Survey of Montenegro (GSM) <\/em><\/p>\n<p>[\/et_pb_text][et_pb_image src=&#8221;https:\/\/www.hgi-cgs.hr\/wp-content\/uploads\/2021\/06\/RESPONSa-disclaimer.jpg&#8221; title_text=&#8221;RESPONSa disclaimer&#8221; _builder_version=&#8221;4.16&#8243; _module_preset=&#8221;default&#8221; width=&#8221;50%&#8221; module_alignment=&#8221;center&#8221; global_colors_info=&#8221;{}&#8221;][\/et_pb_image][\/et_pb_column][\/et_pb_row][et_pb_row column_structure=&#8221;1_4,3_4&#8243; _builder_version=&#8221;4.19.4&#8243; custom_margin=&#8221;30px|auto||auto||&#8221; link_option_url=&#8221;https:\/\/www.youtube.com\/watch?v=plY7k0vaL7U&#8221; hover_enabled=&#8221;0&#8243; global_colors_info=&#8221;{}&#8221; sticky_enabled=&#8221;0&#8243;][et_pb_column type=&#8221;1_4&#8243; _builder_version=&#8221;4.19.4&#8243; hover_enabled=&#8221;0&#8243; global_colors_info=&#8221;{}&#8221; sticky_enabled=&#8221;0&#8243;][et_pb_image src=&#8221;https:\/\/www.hgi-cgs.hr\/wp-content\/uploads\/2023\/03\/promo-video.jpg&#8221; alt=&#8221;tuzla sastanak&#8221; title_text=&#8221;promo video&#8221; url=&#8221;https:\/\/www.youtube.com\/watch?v=plY7k0vaL7U&#8221; align=&#8221;center&#8221; _builder_version=&#8221;4.19.4&#8243; _module_preset=&#8221;default&#8221; width=&#8221;100%&#8221; custom_padding=&#8221;|||10px|false|false&#8221; hover_enabled=&#8221;0&#8243; border_radii=&#8221;off|5px|5px|5px|5px&#8221; box_shadow_style=&#8221;preset1&#8243; box_shadow_blur=&#8221;15px&#8221; global_colors_info=&#8221;{}&#8221; sticky_enabled=&#8221;0&#8243;][\/et_pb_image][\/et_pb_column][et_pb_column type=&#8221;3_4&#8243; _builder_version=&#8221;4.19.1&#8243; global_colors_info=&#8221;{}&#8221;][et_pb_text _builder_version=&#8221;4.19.4&#8243; _module_preset=&#8221;default&#8221; header_6_text_color=&#8221;#1e5096&#8243; header_6_font_size=&#8221;20px&#8221; header_6_line_height=&#8221;1.2em&#8221; module_alignment=&#8221;left&#8221; custom_padding=&#8221;|10px||10px|false|true&#8221; hover_enabled=&#8221;0&#8243; header_6_text_shadow_style=&#8221;preset1&#8243; global_colors_info=&#8221;{}&#8221; sticky_enabled=&#8221;0&#8243;]<\/p>\n<h6 style=\"text-align: left;\">Istra\u017eivanja u Sivoj Istri<\/h6>\n<h6 style=\"text-align: left;\">(promo video)<\/h6>\n<div class=\"et_pb_column et_pb_column_4_4 et_pb_column_2  et_pb_css_mix_blend_mode_passthrough et-last-child\">\n<div class=\"et_pb_module et_pb_text et_pb_text_2  et_pb_text_align_left et_pb_bg_layout_light\">\n<div class=\"et_pb_text_inner\">\n<p>&nbsp;<\/p>\n<\/div>\n<\/div>\n<\/div>\n<p>[\/et_pb_text][et_pb_button button_url=&#8221;https:\/\/www.youtube.com\/watch?v=plY7k0vaL7U&#8221; button_text=&#8221;Vi\u0161e&#8230;&#8221; button_alignment=&#8221;right&#8221; _builder_version=&#8221;4.19.4&#8243; _module_preset=&#8221;default&#8221; custom_button=&#8221;on&#8221; button_text_size=&#8221;16px&#8221; button_border_width=&#8221;0px&#8221; button_font=&#8221;|600|on||||||&#8221; button_icon=&#8221;&#x24;||divi||400&#8243; button_on_hover=&#8221;off&#8221; custom_margin=&#8221;60px||||false|false&#8221; custom_padding=&#8221;30px|10px|||false|false&#8221; hover_enabled=&#8221;0&#8243; global_colors_info=&#8221;{}&#8221; sticky_enabled=&#8221;0&#8243;][\/et_pb_button][\/et_pb_column][\/et_pb_row][et_pb_row column_structure=&#8221;1_4,3_4&#8243; _builder_version=&#8221;4.19.4&#8243; custom_margin=&#8221;30px|auto||auto||&#8221; link_option_url=&#8221;https:\/\/www.hgi-cgs.hr\/sporazum-o-suradnji-izmedu-hrvatskog-geoloskog-instituta-i-grada-kutine-u-sklopu-responsa-projekta-interreg-ipa-cbc-hrvatska-bosna-i-hercegovina-crna-gora\/&#8221; global_colors_info=&#8221;{}&#8221;][et_pb_column type=&#8221;1_4&#8243; _builder_version=&#8221;4.19.1&#8243; global_colors_info=&#8221;{}&#8221;][et_pb_image src=&#8221;https:\/\/www.hgi-cgs.hr\/wp-content\/uploads\/2023\/03\/04.jpg&#8221; alt=&#8221;tuzla sastanak&#8221; title_text=&#8221;04&#8243; url=&#8221;https:\/\/www.hgi-cgs.hr\/sporazum-o-suradnji-izmedu-hrvatskog-geoloskog-instituta-i-grada-kutine-u-sklopu-responsa-projekta-interreg-ipa-cbc-hrvatska-bosna-i-hercegovina-crna-gora\/&#8221; align=&#8221;center&#8221; _builder_version=&#8221;4.19.4&#8243; _module_preset=&#8221;default&#8221; width=&#8221;100%&#8221; custom_padding=&#8221;|||10px|false|false&#8221; border_radii=&#8221;off|5px|5px|5px|5px&#8221; box_shadow_style=&#8221;preset1&#8243; box_shadow_blur=&#8221;15px&#8221; global_colors_info=&#8221;{}&#8221;][\/et_pb_image][\/et_pb_column][et_pb_column type=&#8221;3_4&#8243; _builder_version=&#8221;4.19.1&#8243; global_colors_info=&#8221;{}&#8221;][et_pb_text _builder_version=&#8221;4.19.4&#8243; _module_preset=&#8221;default&#8221; header_6_text_color=&#8221;#1e5096&#8243; header_6_font_size=&#8221;20px&#8221; header_6_line_height=&#8221;1.2em&#8221; module_alignment=&#8221;left&#8221; custom_padding=&#8221;|10px||10px|false|true&#8221; header_6_text_shadow_style=&#8221;preset1&#8243; global_colors_info=&#8221;{}&#8221;]<\/p>\n<h6 style=\"text-align: left;\">Sporazum o suradnji izme\u0111u Hrvatskog geolo\u0161kog instituta i Grada Kutine u sklopu RESPONSa projekta (Interreg IPA \u2013 CBC Hrvatska-Bosna i Hercegovina-Crna Gora)<\/h6>\n<div class=\"et_pb_column et_pb_column_4_4 et_pb_column_2  et_pb_css_mix_blend_mode_passthrough et-last-child\">\n<div class=\"et_pb_module et_pb_text et_pb_text_2  et_pb_text_align_left et_pb_bg_layout_light\">\n<div class=\"et_pb_text_inner\">\n<p>U Kutini je 21. velja\u010de 2023. potpisan Sporazum o suradnji na implementaciji sustava ranog upozoravanja na mogu\u0107u pojavu klizi\u0161ta na podru\u010dju Grada Kutine. Sporazumom se definira suradnja izme\u0111u Hrvatskog geolo\u0161kog instituta i klju\u010dnog dionika hrvatskog projektnog partnera \u2013 Grada Kutine nakon zavr\u0161etka projekta RESPONSa, s ciljem implementacije i unaprje\u0111enja sustava&#8230;<\/p>\n<\/div>\n<\/div>\n<\/div>\n<p>[\/et_pb_text][et_pb_button button_url=&#8221;https:\/\/www.hgi-cgs.hr\/sporazum-o-suradnji-izmedu-hrvatskog-geoloskog-instituta-i-grada-kutine-u-sklopu-responsa-projekta-interreg-ipa-cbc-hrvatska-bosna-i-hercegovina-crna-gora\/&#8221; button_text=&#8221;Vi\u0161e&#8230;&#8221; button_alignment=&#8221;right&#8221; _builder_version=&#8221;4.19.4&#8243; _module_preset=&#8221;default&#8221; custom_button=&#8221;on&#8221; button_text_size=&#8221;16px&#8221; button_border_width=&#8221;0px&#8221; button_font=&#8221;|600|on||||||&#8221; button_icon=&#8221;&#x24;||divi||400&#8243; button_on_hover=&#8221;off&#8221; custom_margin=&#8221;60px||||false|false&#8221; custom_padding=&#8221;30px|10px|||false|false&#8221; global_colors_info=&#8221;{}&#8221;][\/et_pb_button][\/et_pb_column][\/et_pb_row][et_pb_row column_structure=&#8221;1_4,3_4&#8243; _builder_version=&#8221;4.19.4&#8243; custom_margin=&#8221;30px|auto||auto||&#8221; global_colors_info=&#8221;{}&#8221;][et_pb_column type=&#8221;1_4&#8243; _builder_version=&#8221;4.19.1&#8243; global_colors_info=&#8221;{}&#8221;][et_pb_image src=&#8221;https:\/\/www.hgi-cgs.hr\/wp-content\/uploads\/2022\/12\/221227_01.jpg&#8221; alt=&#8221;tuzla sastanak&#8221; title_text=&#8221;221227_01&#8243; url=&#8221;https:\/\/www.hgi-cgs.hr\/promotivni-video-projekta-responsa\/&#8221; align=&#8221;center&#8221; _builder_version=&#8221;4.19.1&#8243; _module_preset=&#8221;default&#8221; width=&#8221;100%&#8221; custom_padding=&#8221;|||10px|false|false&#8221; border_radii=&#8221;off|5px|5px|5px|5px&#8221; box_shadow_style=&#8221;preset1&#8243; box_shadow_blur=&#8221;15px&#8221; global_colors_info=&#8221;{}&#8221;][\/et_pb_image][\/et_pb_column][et_pb_column type=&#8221;3_4&#8243; _builder_version=&#8221;4.19.1&#8243; global_colors_info=&#8221;{}&#8221;][et_pb_text _builder_version=&#8221;4.19.1&#8243; _module_preset=&#8221;default&#8221; header_6_text_color=&#8221;#1e5096&#8243; header_6_font_size=&#8221;20px&#8221; header_6_line_height=&#8221;1.2em&#8221; module_alignment=&#8221;left&#8221; custom_padding=&#8221;|10px||10px|false|true&#8221; header_6_text_shadow_style=&#8221;preset1&#8243; global_colors_info=&#8221;{}&#8221;]<\/p>\n<h6 style=\"text-align: left;\">Promotivni video projekta RESPONSa<\/h6>\n<div class=\"et_pb_column et_pb_column_4_4 et_pb_column_2  et_pb_css_mix_blend_mode_passthrough et-last-child\">\n<div class=\"et_pb_module et_pb_text et_pb_text_2  et_pb_text_align_left et_pb_bg_layout_light\">\n<div class=\"et_pb_text_inner\">\n<p>Prijava RESPONSa projekta inspirirana je hidrolo\u0161ki ekstremnom 2014. godinom, kada su sve tri partnerske zemlje zadesili geohazardni doga\u0111aji tijekom kojih se \u010desto postavljalo pitanje &#8220;Mo\u017ee li lokalna zajednica sa svojim kapacitetima pravovremeno odgovoriti na ovakve izazove?&#8221;&#8230;<\/p>\n<\/div>\n<\/div>\n<\/div>\n<p>[\/et_pb_text][et_pb_button button_url=&#8221;https:\/\/www.hgi-cgs.hr\/promotivni-video-projekta-responsa\/&#8221; button_text=&#8221;Vi\u0161e&#8230;&#8221; button_alignment=&#8221;right&#8221; _builder_version=&#8221;4.19.1&#8243; _module_preset=&#8221;default&#8221; custom_button=&#8221;on&#8221; button_text_size=&#8221;16px&#8221; button_border_width=&#8221;0px&#8221; button_font=&#8221;|600|on||||||&#8221; button_icon=&#8221;&#x24;||divi||400&#8243; button_on_hover=&#8221;off&#8221; custom_margin=&#8221;60px||||false|false&#8221; custom_padding=&#8221;30px|10px|||false|false&#8221; global_colors_info=&#8221;{}&#8221;][\/et_pb_button][\/et_pb_column][\/et_pb_row][et_pb_row column_structure=&#8221;1_4,3_4&#8243; _builder_version=&#8221;4.19.1&#8243; custom_margin=&#8221;30px|auto||auto||&#8221; link_option_url=&#8221;https:\/\/www.hgi-cgs.hr\/responsa-tim-na-svecanoj-interreg-konferenciji\/&#8221; global_colors_info=&#8221;{}&#8221;][et_pb_column type=&#8221;1_4&#8243; _builder_version=&#8221;4.18.0&#8243; global_colors_info=&#8221;{}&#8221;][et_pb_image src=&#8221;https:\/\/www.hgi-cgs.hr\/wp-content\/uploads\/2022\/12\/20221213_1.jpg&#8221; alt=&#8221;tuzla sastanak&#8221; title_text=&#8221;20221213_1&#8243; url=&#8221;https:\/\/www.hgi-cgs.hr\/responsa-tim-na-svecanoj-interreg-konferenciji\/&#8221; align=&#8221;center&#8221; _builder_version=&#8221;4.19.1&#8243; _module_preset=&#8221;default&#8221; width=&#8221;65%&#8221; custom_padding=&#8221;|||10px|false|false&#8221; border_radii=&#8221;off|5px|5px|5px|5px&#8221; box_shadow_style=&#8221;preset1&#8243; box_shadow_blur=&#8221;15px&#8221; global_colors_info=&#8221;{}&#8221;][\/et_pb_image][\/et_pb_column][et_pb_column type=&#8221;3_4&#8243; _builder_version=&#8221;4.18.0&#8243; global_colors_info=&#8221;{}&#8221;][et_pb_text _builder_version=&#8221;4.19.1&#8243; _module_preset=&#8221;default&#8221; header_6_text_color=&#8221;#1e5096&#8243; header_6_font_size=&#8221;20px&#8221; header_6_line_height=&#8221;1.2em&#8221; module_alignment=&#8221;left&#8221; custom_padding=&#8221;|10px||10px|false|true&#8221; header_6_text_shadow_style=&#8221;preset1&#8243; global_colors_info=&#8221;{}&#8221;]<\/p>\n<h6 style=\"text-align: left;\">RESPONSa tim na sve\u010danoj INTERREG konferenciji<\/h6>\n<div class=\"et_pb_column et_pb_column_4_4 et_pb_column_2  et_pb_css_mix_blend_mode_passthrough et-last-child\">\n<div class=\"et_pb_module et_pb_text et_pb_text_2  et_pb_text_align_left et_pb_bg_layout_light\">\n<div class=\"et_pb_text_inner\">\n<p>U organizaciji Ministarstva regionalnog razvoja i fondova Europske unije u ulozi Upravlja\u010dkog tijela za programe Interreg VI-A, u suradnji s nacionalnim tijelima Hrvatske, Bosne i Hercegovine, Crne Gore i Srbije, 13. prosinca 2022. odr\u017eana je sve\u010dana konferencija povodom odobrenja Interreg VI-A IPA programa 2021.-2027&#8230;<\/p>\n<\/div>\n<\/div>\n<\/div>\n<p>[\/et_pb_text][et_pb_button button_url=&#8221;https:\/\/www.hgi-cgs.hr\/responsa-tim-na-svecanoj-interreg-konferenciji\/&#8221; button_text=&#8221;Vi\u0161e&#8230;&#8221; button_alignment=&#8221;right&#8221; _builder_version=&#8221;4.19.1&#8243; _module_preset=&#8221;default&#8221; custom_button=&#8221;on&#8221; button_text_size=&#8221;16px&#8221; button_border_width=&#8221;0px&#8221; button_font=&#8221;|600|on||||||&#8221; button_icon=&#8221;&#x24;||divi||400&#8243; button_on_hover=&#8221;off&#8221; custom_margin=&#8221;60px||||false|false&#8221; custom_padding=&#8221;30px|10px|||false|false&#8221; global_colors_info=&#8221;{}&#8221;][\/et_pb_button][\/et_pb_column][\/et_pb_row][et_pb_row column_structure=&#8221;1_4,3_4&#8243; _builder_version=&#8221;4.18.0&#8243; custom_margin=&#8221;30px|auto||auto||&#8221; link_option_url=&#8221;https:\/\/www.hgi-cgs.hr\/wp-content\/uploads\/2022\/09\/RESPONSa_newsletter04_HR_re.jpg&#8221; global_colors_info=&#8221;{}&#8221;][et_pb_column type=&#8221;1_4&#8243; _builder_version=&#8221;4.18.0&#8243; global_colors_info=&#8221;{}&#8221;][et_pb_image src=&#8221;https:\/\/www.hgi-cgs.hr\/wp-content\/uploads\/2022\/12\/221205_01-scaled.jpg&#8221; alt=&#8221;tuzla sastanak&#8221; title_text=&#8221;221205_01&#8243; url=&#8221;https:\/\/www.hgi-cgs.hr\/stakeholder-sastanci-projekta-responsa\/&#8221; _builder_version=&#8221;4.19.1&#8243; _module_preset=&#8221;default&#8221; custom_padding=&#8221;|||10px|false|false&#8221; border_radii=&#8221;off|5px|5px|5px|5px&#8221; box_shadow_style=&#8221;preset1&#8243; box_shadow_blur=&#8221;15px&#8221; global_colors_info=&#8221;{}&#8221;][\/et_pb_image][\/et_pb_column][et_pb_column type=&#8221;3_4&#8243; _builder_version=&#8221;4.18.0&#8243; global_colors_info=&#8221;{}&#8221;][et_pb_text _builder_version=&#8221;4.19.1&#8243; _module_preset=&#8221;default&#8221; header_6_text_color=&#8221;#1e5096&#8243; header_6_font_size=&#8221;20px&#8221; header_6_line_height=&#8221;1.2em&#8221; module_alignment=&#8221;left&#8221; custom_padding=&#8221;|10px||10px|false|true&#8221; header_6_text_shadow_style=&#8221;preset1&#8243; global_colors_info=&#8221;{}&#8221;]<\/p>\n<h6 style=\"text-align: left;\">Stakeholder sastanci projekta RESPONSa<\/h6>\n<div class=\"et_pb_column et_pb_column_4_4 et_pb_column_2  et_pb_css_mix_blend_mode_passthrough et-last-child\">\n<div class=\"et_pb_module et_pb_text et_pb_text_2  et_pb_text_align_left et_pb_bg_layout_light\">\n<div class=\"et_pb_text_inner\">\n<p>U periodu od 28. studenog do 1. prosinca, odr\u017ean je niz stakeholder sastanaka projekta RESPONSa s predstavnicima Viroviti\u010dko-podravske \u017eupanije, Zavoda za prostorno planiranje Viroviti\u010dko-podravske \u017eupanije i grada Virovitice te gradova Popova\u010de, Novske, Sv. Ivana Zeline i Petrinje&#8230;<\/p>\n<\/div>\n<\/div>\n<\/div>\n<p>[\/et_pb_text][et_pb_button button_url=&#8221;https:\/\/www.hgi-cgs.hr\/stakeholder-sastanci-projekta-responsa\/&#8221; button_text=&#8221;Vi\u0161e&#8230;&#8221; button_alignment=&#8221;right&#8221; _builder_version=&#8221;4.19.1&#8243; _module_preset=&#8221;default&#8221; custom_button=&#8221;on&#8221; button_text_size=&#8221;16px&#8221; button_border_width=&#8221;0px&#8221; button_font=&#8221;|600|on||||||&#8221; button_icon=&#8221;&#x24;||divi||400&#8243; button_on_hover=&#8221;off&#8221; custom_margin=&#8221;60px||||false|false&#8221; custom_padding=&#8221;30px|10px|||false|false&#8221; global_colors_info=&#8221;{}&#8221;][\/et_pb_button][\/et_pb_column][\/et_pb_row][et_pb_row column_structure=&#8221;1_4,3_4&#8243; _builder_version=&#8221;4.18.0&#8243; custom_margin=&#8221;30px|auto||auto||&#8221; link_option_url=&#8221;https:\/\/www.hgi-cgs.hr\/wp-content\/uploads\/2022\/09\/RESPONSa_newsletter04_HR_re.jpg&#8221; global_colors_info=&#8221;{}&#8221;][et_pb_column type=&#8221;1_4&#8243; _builder_version=&#8221;4.18.0&#8243; global_colors_info=&#8221;{}&#8221;][et_pb_image src=&#8221;https:\/\/www.hgi-cgs.hr\/wp-content\/uploads\/2022\/11\/20221116_02.jpg&#8221; alt=&#8221;tuzla sastanak&#8221; title_text=&#8221;20221116_02&#8243; url=&#8221;https:\/\/www.hgi-cgs.hr\/stakeholder-radionica-projekta-responsa\/&#8221; _builder_version=&#8221;4.19.0&#8243; _module_preset=&#8221;default&#8221; custom_padding=&#8221;|||10px|false|false&#8221; border_radii=&#8221;off|5px|5px|5px|5px&#8221; box_shadow_style=&#8221;preset1&#8243; box_shadow_blur=&#8221;15px&#8221; global_colors_info=&#8221;{}&#8221;][\/et_pb_image][\/et_pb_column][et_pb_column type=&#8221;3_4&#8243; _builder_version=&#8221;4.18.0&#8243; global_colors_info=&#8221;{}&#8221;][et_pb_text _builder_version=&#8221;4.19.0&#8243; _module_preset=&#8221;default&#8221; header_6_text_color=&#8221;#1e5096&#8243; header_6_font_size=&#8221;20px&#8221; header_6_line_height=&#8221;1.2em&#8221; module_alignment=&#8221;left&#8221; custom_padding=&#8221;|10px||10px|false|true&#8221; header_6_text_shadow_style=&#8221;preset1&#8243; global_colors_info=&#8221;{}&#8221;]<\/p>\n<h6 style=\"text-align: left;\">Stakeholder radionica projekta RESPONSa<\/h6>\n<div class=\"et_pb_column et_pb_column_4_4 et_pb_column_2  et_pb_css_mix_blend_mode_passthrough et-last-child\">\n<div class=\"et_pb_module et_pb_text et_pb_text_2  et_pb_text_align_left et_pb_bg_layout_light\">\n<div class=\"et_pb_text_inner\">\n<p>Stakeholder radionica projekta RESPONSa odr\u017eana je u Zagrebu, 16. studenog 2022. u organizaciji Hrvatskog geolo\u0161kog instituta. Kroz set predavanja &#8220;\u0160to smo nau\u010dili?&#8221; na primjeru klizi\u0161ta u Hrvatskoj Kostajnici 2018. i nedavnih potresa u Zagrebu i Petrinji 2020., prezentirana je nu\u017ena potreba za ja\u010danjem Geolo\u0161ke slu\u017ebe. Izlaganja su popra\u0107ena opisom aktivnosti koje su provedene u okviru Interreg IPA \u2013 CBC HR-BA-ME projekata safEarth i RESPONSa&#8230;<\/p>\n<\/div>\n<\/div>\n<\/div>\n<p>[\/et_pb_text][et_pb_button button_url=&#8221;https:\/\/www.hgi-cgs.hr\/stakeholder-radionica-projekta-responsa\/&#8221; button_text=&#8221;Vi\u0161e&#8230;&#8221; button_alignment=&#8221;right&#8221; _builder_version=&#8221;4.19.0&#8243; _module_preset=&#8221;default&#8221; custom_button=&#8221;on&#8221; button_text_size=&#8221;16px&#8221; button_border_width=&#8221;0px&#8221; button_font=&#8221;|600|on||||||&#8221; button_icon=&#8221;&#x24;||divi||400&#8243; button_on_hover=&#8221;off&#8221; custom_margin=&#8221;60px||||false|false&#8221; custom_padding=&#8221;30px|10px|||false|false&#8221; global_colors_info=&#8221;{}&#8221;][\/et_pb_button][\/et_pb_column][\/et_pb_row][et_pb_row column_structure=&#8221;1_4,3_4&#8243; _builder_version=&#8221;4.18.0&#8243; custom_margin=&#8221;30px|auto||auto||&#8221; link_option_url=&#8221;https:\/\/www.hgi-cgs.hr\/wp-content\/uploads\/2022\/09\/RESPONSa_newsletter04_HR_re.jpg&#8221; global_colors_info=&#8221;{}&#8221;][et_pb_column type=&#8221;1_4&#8243; _builder_version=&#8221;4.18.0&#8243; global_colors_info=&#8221;{}&#8221;][et_pb_image src=&#8221;https:\/\/www.hgi-cgs.hr\/wp-content\/uploads\/2022\/09\/RESPONSa_newsletter04_HR_re.jpg&#8221; alt=&#8221;tuzla sastanak&#8221; title_text=&#8221;RESPONSa_newsletter04_HR_re&#8221; url=&#8221;https:\/\/www.hgi-cgs.hr\/wp-content\/uploads\/2022\/09\/RESPONSa_newsletter04_HR_re.jpg&#8221; _builder_version=&#8221;4.18.0&#8243; _module_preset=&#8221;default&#8221; custom_padding=&#8221;|||10px|false|false&#8221; border_radii=&#8221;off|5px|5px|5px|5px&#8221; box_shadow_style=&#8221;preset1&#8243; box_shadow_blur=&#8221;15px&#8221; global_colors_info=&#8221;{}&#8221;][\/et_pb_image][\/et_pb_column][et_pb_column type=&#8221;3_4&#8243; _builder_version=&#8221;4.18.0&#8243; global_colors_info=&#8221;{}&#8221;][et_pb_text _builder_version=&#8221;4.18.0&#8243; _module_preset=&#8221;default&#8221; header_6_text_color=&#8221;#1e5096&#8243; header_6_font_size=&#8221;20px&#8221; header_6_line_height=&#8221;1.2em&#8221; module_alignment=&#8221;left&#8221; custom_padding=&#8221;|10px||10px|false|true&#8221; header_6_text_shadow_style=&#8221;preset1&#8243; global_colors_info=&#8221;{}&#8221;]<\/p>\n<h6 style=\"text-align: left;\">Projekt RESPONSa \u2013 Bilten br. 4<\/h6>\n<div class=\"et_pb_column et_pb_column_4_4 et_pb_column_2  et_pb_css_mix_blend_mode_passthrough et-last-child\">\n<div class=\"et_pb_module et_pb_text et_pb_text_2  et_pb_text_align_left et_pb_bg_layout_light\">\n<div class=\"et_pb_text_inner\">\n<p>Izvje\u0161taj za 4. projektni period podnesen je 15.07.2022.<\/p>\n<p>Prikaz najva\u017enijih aktivnosti koje su provedene u periodu od 1. sije\u010dnja 2022. do 30. lipnja 2022. prikazane su u 4. projektnom biltenu.<\/p>\n<\/div>\n<\/div>\n<\/div>\n<p>[\/et_pb_text][\/et_pb_column][\/et_pb_row][et_pb_row column_structure=&#8221;1_4,3_4&#8243; _builder_version=&#8221;4.17.4&#8243; custom_margin=&#8221;30px|auto||auto||&#8221; link_option_url=&#8221;https:\/\/www.hgi-cgs.hr\/projektna-radionica-responsa-mostar-24-27-5-2022-god\/&#8221; global_colors_info=&#8221;{}&#8221;][et_pb_column type=&#8221;1_4&#8243; _builder_version=&#8221;4.17.4&#8243; global_colors_info=&#8221;{}&#8221;][et_pb_image src=&#8221;https:\/\/www.hgi-cgs.hr\/wp-content\/uploads\/2022\/06\/Photo-1.jpg&#8221; alt=&#8221;tuzla sastanak&#8221; title_text=&#8221;Photo 1&#8243; url=&#8221;https:\/\/www.hgi-cgs.hr\/projektna-radionica-responsa-mostar-24-27-5-2022-god\/&#8221; _builder_version=&#8221;4.17.4&#8243; _module_preset=&#8221;default&#8221; custom_padding=&#8221;|||10px|false|false&#8221; border_radii=&#8221;off|5px|5px|5px|5px&#8221; box_shadow_style=&#8221;preset1&#8243; box_shadow_blur=&#8221;15px&#8221; global_colors_info=&#8221;{}&#8221;][\/et_pb_image][\/et_pb_column][et_pb_column type=&#8221;3_4&#8243; _builder_version=&#8221;4.17.4&#8243; global_colors_info=&#8221;{}&#8221;][et_pb_text _builder_version=&#8221;4.17.4&#8243; _module_preset=&#8221;default&#8221; header_6_text_color=&#8221;#1e5096&#8243; header_6_font_size=&#8221;20px&#8221; header_6_line_height=&#8221;1.2em&#8221; module_alignment=&#8221;left&#8221; custom_padding=&#8221;|10px||10px|false|true&#8221; header_6_text_shadow_style=&#8221;preset1&#8243; global_colors_info=&#8221;{}&#8221;]<\/p>\n<h6 style=\"text-align: left;\"><span>Projektna radionica RESPONSa, Mostar 24-27.5.2022.god.<\/span><\/h6>\n<div class=\"et_pb_column et_pb_column_4_4 et_pb_column_2  et_pb_css_mix_blend_mode_passthrough et-last-child\">\n<div class=\"et_pb_module et_pb_text et_pb_text_2  et_pb_text_align_left et_pb_bg_layout_light\">\n<div class=\"et_pb_text_inner\">\n<p>U sklopu aktivnosti M 3.2b, M2.3d, T1.8.1 vezanih za sastanak projektnog tima projekta RESPONSa, u Mostaru je u periodu\u00a0 od 24.5. do 27.5.2022. godine odr\u017eana menad\u017ement radionica. Organizator radionice bio je Rudarsko-geolo\u0161ko-gra\u0111evinski fakultet Tuzla, a ciljevi su se odnosili na analizu aktivnosti i finansija, pripremu 4. partnerskog izvje\u0161taja i isporuke koje slijede u 5. projektnom periodu&#8230;<\/p>\n<\/div>\n<\/div>\n<\/div>\n<p>[\/et_pb_text][et_pb_button button_url=&#8221;https:\/\/www.hgi-cgs.hr\/projektna-radionica-responsa-mostar-24-27-5-2022-god\/&#8221; button_text=&#8221;Vi\u0161e&#8230;&#8221; button_alignment=&#8221;right&#8221; _builder_version=&#8221;4.17.4&#8243; _module_preset=&#8221;default&#8221; custom_button=&#8221;on&#8221; button_text_size=&#8221;16px&#8221; button_border_width=&#8221;0px&#8221; button_font=&#8221;|600|on||||||&#8221; button_icon=&#8221;&#x24;||divi||400&#8243; button_on_hover=&#8221;off&#8221; custom_margin=&#8221;60px||||false|false&#8221; custom_padding=&#8221;30px|10px|||false|false&#8221; global_colors_info=&#8221;{}&#8221;][\/et_pb_button][\/et_pb_column][\/et_pb_row][et_pb_row column_structure=&#8221;1_4,3_4&#8243; _builder_version=&#8221;4.16&#8243; custom_margin=&#8221;30px|auto||auto||&#8221; link_option_url=&#8221;https:\/\/www.hgi-cgs.hr\/wp-content\/uploads\/2022\/02\/RESPONSa_newsletter03_HR_re.jpg&#8221; global_colors_info=&#8221;{}&#8221;][et_pb_column type=&#8221;1_4&#8243; _builder_version=&#8221;4.16&#8243; global_colors_info=&#8221;{}&#8221;][et_pb_image src=&#8221;https:\/\/www.hgi-cgs.hr\/wp-content\/uploads\/2022\/02\/RESPONSa_newsletter03_HR_re.jpg&#8221; alt=&#8221;tuzla sastanak&#8221; title_text=&#8221;RESPONSa_newsletter03_HR_re&#8221; url=&#8221;https:\/\/www.hgi-cgs.hr\/wp-content\/uploads\/2022\/02\/RESPONSa_newsletter03_HR_re.jpg&#8221; _builder_version=&#8221;4.16&#8243; _module_preset=&#8221;default&#8221; custom_padding=&#8221;|||10px|false|false&#8221; border_radii=&#8221;off|5px|5px|5px|5px&#8221; box_shadow_style=&#8221;preset1&#8243; box_shadow_blur=&#8221;15px&#8221; global_colors_info=&#8221;{}&#8221;][\/et_pb_image][\/et_pb_column][et_pb_column type=&#8221;3_4&#8243; _builder_version=&#8221;4.16&#8243; global_colors_info=&#8221;{}&#8221;][et_pb_text _builder_version=&#8221;4.16&#8243; _module_preset=&#8221;default&#8221; header_6_text_color=&#8221;#1e5096&#8243; header_6_font_size=&#8221;20px&#8221; header_6_line_height=&#8221;1.2em&#8221; module_alignment=&#8221;left&#8221; custom_padding=&#8221;|10px||10px|false|true&#8221; header_6_text_shadow_style=&#8221;preset1&#8243; global_colors_info=&#8221;{}&#8221;]<\/p>\n<h6 style=\"text-align: left;\"><span>Izvje\u0161taj za 3. projektni period<\/span><\/h6>\n<div class=\"et_pb_column et_pb_column_4_4 et_pb_column_2  et_pb_css_mix_blend_mode_passthrough et-last-child\">\n<div class=\"et_pb_module et_pb_text et_pb_text_2  et_pb_text_align_left et_pb_bg_layout_light\">\n<div class=\"et_pb_text_inner\">\n<p>\u201eIzvje\u0161taj za 3. projektni period podnesen je 15.01.2022. Prikaz najva\u017enijih aktivnosti koje su provedene u periodu od 1. srpnja 2021. do 31. prosinca 2021. prikazane su u 3. projektnom biltenu.\u201c<\/p>\n<\/div>\n<\/div>\n<\/div>\n<p>[\/et_pb_text][\/et_pb_column][\/et_pb_row][et_pb_row column_structure=&#8221;1_4,3_4&#8243; _builder_version=&#8221;4.16&#8243; custom_margin=&#8221;30px|auto||auto||&#8221; global_colors_info=&#8221;{}&#8221;][et_pb_column type=&#8221;1_4&#8243; _builder_version=&#8221;4.16&#8243; global_colors_info=&#8221;{}&#8221;][et_pb_image src=&#8221;https:\/\/www.hgi-cgs.hr\/wp-content\/uploads\/2022\/01\/Photo-2-scaled.jpg&#8221; alt=&#8221;tuzla sastanak&#8221; title_text=&#8221;Photo 2&#8243; url=&#8221;https:\/\/www.hgi-cgs.hr\/sastanak-sa-predstavnicom-direkcije-za-europske-integracije-bih\/&#8221; _builder_version=&#8221;4.16&#8243; _module_preset=&#8221;default&#8221; custom_padding=&#8221;|||10px|false|false&#8221; border_radii=&#8221;off|5px|5px|5px|5px&#8221; box_shadow_style=&#8221;preset1&#8243; box_shadow_blur=&#8221;15px&#8221; global_colors_info=&#8221;{}&#8221;][\/et_pb_image][\/et_pb_column][et_pb_column type=&#8221;3_4&#8243; _builder_version=&#8221;4.16&#8243; global_colors_info=&#8221;{}&#8221;][et_pb_text _builder_version=&#8221;4.16&#8243; _module_preset=&#8221;default&#8221; header_6_text_color=&#8221;#1e5096&#8243; header_6_font_size=&#8221;20px&#8221; header_6_line_height=&#8221;1.2em&#8221; module_alignment=&#8221;left&#8221; custom_padding=&#8221;|10px||10px|false|true&#8221; header_6_text_shadow_style=&#8221;preset1&#8243; global_colors_info=&#8221;{}&#8221;]<\/p>\n<h6 style=\"text-align: left;\"><span>Sastanak sa predstavnicom Direkcije za europske integracije BiH<\/span><\/h6>\n<div class=\"et_pb_column et_pb_column_4_4 et_pb_column_2  et_pb_css_mix_blend_mode_passthrough et-last-child\">\n<div class=\"et_pb_module et_pb_text et_pb_text_2  et_pb_text_align_left et_pb_bg_layout_light\">\n<div class=\"et_pb_text_inner\">\n<p><span>U ponedjeljak 27.12.2021. godine u prostorijama istra\u017eiva\u010dkog centra Projekta RESPONS-a na Rudarsko-geolo\u0161ko-gra\u0111evinskom fakultetu Univerziteta u Tuzli odr\u017ean je sastanak sa predstavnicom Direkcije za europske integracije Bosne i Hercegovine (samostalno i stru\u010dno tijelo Vije\u0107a ministara Bosne i Hercegovine).<\/span>..<\/p>\n<\/div>\n<\/div>\n<\/div>\n<p>[\/et_pb_text][et_pb_button button_url=&#8221;https:\/\/www.hgi-cgs.hr\/sastanak-sa-predstavnicom-direkcije-za-europske-integracije-bih\/&#8221; button_text=&#8221;Vi\u0161e&#8230;&#8221; button_alignment=&#8221;right&#8221; _builder_version=&#8221;4.16&#8243; _module_preset=&#8221;default&#8221; custom_button=&#8221;on&#8221; button_text_size=&#8221;16px&#8221; button_border_width=&#8221;0px&#8221; button_font=&#8221;|600|on||||||&#8221; button_icon=&#8221;&#x24;||divi||400&#8243; button_on_hover=&#8221;off&#8221; custom_margin=&#8221;-12px|||||&#8221; custom_padding=&#8221;|10px|||false|false&#8221; global_colors_info=&#8221;{}&#8221;][\/et_pb_button][\/et_pb_column][\/et_pb_row][et_pb_row column_structure=&#8221;1_4,3_4&#8243; _builder_version=&#8221;4.16&#8243; custom_margin=&#8221;30px|auto||auto||&#8221; global_colors_info=&#8221;{}&#8221;][et_pb_column type=&#8221;1_4&#8243; _builder_version=&#8221;4.16&#8243; global_colors_info=&#8221;{}&#8221;][et_pb_image src=&#8221;https:\/\/www.hgi-cgs.hr\/wp-content\/uploads\/2021\/12\/IMG-9d498d931ce784aa816378e3d96c4180-V.jpg&#8221; alt=&#8221;tuzla sastanak&#8221; title_text=&#8221;IMG-9d498d931ce784aa816378e3d96c4180-V&#8221; url=&#8221;https:\/\/www.hgi-cgs.hr\/sastanak-upravnog-odbora-interreg-ipa-cbc-responsa-projekta\/&#8221; _builder_version=&#8221;4.16&#8243; _module_preset=&#8221;default&#8221; custom_padding=&#8221;|||10px|false|false&#8221; border_radii=&#8221;off|5px|5px|5px|5px&#8221; box_shadow_style=&#8221;preset1&#8243; box_shadow_blur=&#8221;15px&#8221; global_colors_info=&#8221;{}&#8221;][\/et_pb_image][\/et_pb_column][et_pb_column type=&#8221;3_4&#8243; _builder_version=&#8221;4.16&#8243; global_colors_info=&#8221;{}&#8221;][et_pb_text _builder_version=&#8221;4.16&#8243; _module_preset=&#8221;default&#8221; header_6_text_color=&#8221;#1e5096&#8243; header_6_font_size=&#8221;20px&#8221; header_6_line_height=&#8221;1.2em&#8221; module_alignment=&#8221;left&#8221; custom_padding=&#8221;|10px||10px|false|true&#8221; header_6_text_shadow_style=&#8221;preset1&#8243; global_colors_info=&#8221;{}&#8221;]<\/p>\n<h6 style=\"text-align: left;\">Sastanak Upravnog odbora Interreg-IPA CBC \/ RESPONSa Projekta<\/h6>\n<div class=\"et_pb_column et_pb_column_4_4 et_pb_column_2  et_pb_css_mix_blend_mode_passthrough et-last-child\">\n<div class=\"et_pb_module et_pb_text et_pb_text_2  et_pb_text_align_left et_pb_bg_layout_light\">\n<div class=\"et_pb_text_inner\">\n<p><span>U Mostaru je u periodu od 1. do 3. decembra 2021. godine odr\u017ean sastanak Upravnog odbora RESPONSa projekta. Sastanku su pristvovali predstavnici vode\u0107eg partnera \u2013 Hrvatskog geolo\u0161kog instituta iz Zagreba, te projektnih partnera Rudarsko-geolo\u0161ko-gra\u0111evinskog fakulteta Univerziteta u Tuzli i JU Zavoda za geolo\u0161ka istra\u017eivanja iz Podgorice<\/span>&#8230;<\/p>\n<\/div>\n<\/div>\n<\/div>\n<p>[\/et_pb_text][et_pb_button button_url=&#8221;https:\/\/www.hgi-cgs.hr\/sastanak-upravnog-odbora-interreg-ipa-cbc-responsa-projekta\/&#8221; button_text=&#8221;Vi\u0161e&#8230;&#8221; button_alignment=&#8221;right&#8221; _builder_version=&#8221;4.16&#8243; _module_preset=&#8221;default&#8221; custom_button=&#8221;on&#8221; button_text_size=&#8221;16px&#8221; button_border_width=&#8221;0px&#8221; button_font=&#8221;|600|on||||||&#8221; button_icon=&#8221;&#x24;||divi||400&#8243; button_on_hover=&#8221;off&#8221; custom_margin=&#8221;-12px|||||&#8221; custom_padding=&#8221;|10px|||false|false&#8221; global_colors_info=&#8221;{}&#8221;][\/et_pb_button][\/et_pb_column][\/et_pb_row][et_pb_row column_structure=&#8221;1_4,3_4&#8243; _builder_version=&#8221;4.16&#8243; custom_margin=&#8221;30px|auto||auto||&#8221; global_colors_info=&#8221;{}&#8221;][et_pb_column type=&#8221;1_4&#8243; _builder_version=&#8221;4.16&#8243; global_colors_info=&#8221;{}&#8221;][et_pb_image src=&#8221;https:\/\/www.hgi-cgs.hr\/wp-content\/uploads\/2021\/10\/211001_02.jpg&#8221; alt=&#8221;demonstracija modeliranja povr\u0161ine kori\u0161tenjem SKUA-GOCAD softwarea&#8221; title_text=&#8221;211001_02&#8243; url=&#8221;https:\/\/www.hgi-cgs.hr\/obilazak-pilot-poligona-opcina-budva-grad-tuzla-i-brcko-distrikt\/&#8221; _builder_version=&#8221;4.16&#8243; _module_preset=&#8221;default&#8221; custom_padding=&#8221;|||10px|false|false&#8221; border_radii=&#8221;off|5px|5px|5px|5px&#8221; box_shadow_style=&#8221;preset1&#8243; box_shadow_blur=&#8221;15px&#8221; global_colors_info=&#8221;{}&#8221;][\/et_pb_image][\/et_pb_column][et_pb_column type=&#8221;3_4&#8243; _builder_version=&#8221;4.16&#8243; global_colors_info=&#8221;{}&#8221;][et_pb_text _builder_version=&#8221;4.16&#8243; _module_preset=&#8221;default&#8221; header_6_text_color=&#8221;#1e5096&#8243; header_6_font_size=&#8221;20px&#8221; header_6_line_height=&#8221;1.2em&#8221; module_alignment=&#8221;left&#8221; custom_padding=&#8221;|10px||10px|false|true&#8221; header_6_text_shadow_style=&#8221;preset1&#8243; global_colors_info=&#8221;{}&#8221;]<\/p>\n<h6 style=\"text-align: left;\"><strong><em><\/em><\/strong>Obilazak pilot poligona (op\u0107ina Budva, Grad Tuzla i Br\u010dko Distrikt)<\/h6>\n<div class=\"et_pb_column et_pb_column_4_4 et_pb_column_2  et_pb_css_mix_blend_mode_passthrough et-last-child\">\n<div class=\"et_pb_module et_pb_text et_pb_text_2  et_pb_text_align_left et_pb_bg_layout_light\">\n<div class=\"et_pb_text_inner\">\n<p>U periodu od 20. do 24. rujna \u010dlanovi svih projektnih partnera zajedno su obi\u0161li lokacije unutar op\u0107ine Budve, Grada Tuzle i Br\u010dko Distrikta, na kojima \u0107e se provoditi monitoring klizi\u0161ta u nastavku projekta&#8230;<\/p>\n<\/div>\n<\/div>\n<\/div>\n<p>[\/et_pb_text][et_pb_button button_url=&#8221;https:\/\/www.hgi-cgs.hr\/obilazak-pilot-poligona-opcina-budva-grad-tuzla-i-brcko-distrikt\/&#8221; button_text=&#8221;Vi\u0161e&#8230;&#8221; button_alignment=&#8221;right&#8221; _builder_version=&#8221;4.16&#8243; _module_preset=&#8221;default&#8221; custom_button=&#8221;on&#8221; button_text_size=&#8221;16px&#8221; button_border_width=&#8221;0px&#8221; button_font=&#8221;|600|on||||||&#8221; button_icon=&#8221;&#x24;||divi||400&#8243; button_on_hover=&#8221;off&#8221; custom_margin=&#8221;-12px|||||&#8221; custom_padding=&#8221;|10px|||false|false&#8221; global_colors_info=&#8221;{}&#8221;][\/et_pb_button][\/et_pb_column][\/et_pb_row][et_pb_row column_structure=&#8221;1_4,3_4&#8243; _builder_version=&#8221;4.16&#8243; custom_margin=&#8221;30px|auto||auto||&#8221; global_colors_info=&#8221;{}&#8221;][et_pb_column type=&#8221;1_4&#8243; _builder_version=&#8221;4.16&#8243; global_colors_info=&#8221;{}&#8221;][et_pb_image src=&#8221;https:\/\/www.hgi-cgs.hr\/wp-content\/uploads\/2021\/02\/RESPONSa_color_cover_re.jpg&#8221; alt=&#8221;demonstracija modeliranja povr\u0161ine kori\u0161tenjem SKUA-GOCAD softwarea&#8221; title_text=&#8221;RESPONSa_color_cover_re&#8221; url=&#8221;https:\/\/www.hgi-cgs.hr\/projekt-responsa-bilten-br-2\/&#8221; _builder_version=&#8221;4.16&#8243; _module_preset=&#8221;default&#8221; custom_padding=&#8221;|||10px|false|false&#8221; border_radii=&#8221;off|5px|5px|5px|5px&#8221; box_shadow_style=&#8221;preset1&#8243; box_shadow_blur=&#8221;15px&#8221; global_colors_info=&#8221;{}&#8221;][\/et_pb_image][\/et_pb_column][et_pb_column type=&#8221;3_4&#8243; _builder_version=&#8221;4.16&#8243; global_colors_info=&#8221;{}&#8221;][et_pb_text _builder_version=&#8221;4.16&#8243; _module_preset=&#8221;default&#8221; header_6_text_color=&#8221;#1e5096&#8243; header_6_font_size=&#8221;20px&#8221; header_6_line_height=&#8221;1.2em&#8221; module_alignment=&#8221;left&#8221; custom_padding=&#8221;|10px||10px|false|true&#8221; header_6_text_shadow_style=&#8221;preset1&#8243; global_colors_info=&#8221;{}&#8221;]<\/p>\n<h6 style=\"text-align: left;\"><strong><em><\/em><\/strong><em>Projekt RESPONSa \u2013 Bilten br. 2<\/em><\/h6>\n<div class=\"et_pb_column et_pb_column_4_4 et_pb_column_2  et_pb_css_mix_blend_mode_passthrough et-last-child\">\n<div class=\"et_pb_module et_pb_text et_pb_text_2  et_pb_text_align_left et_pb_bg_layout_light\">\n<div class=\"et_pb_text_inner\">\n<p>Izvje\u0161taj za 2. projektni period podnesen je 15.07.2021. Prikaz najva\u017enijih aktivnosti koje su provedene u periodu od 1. sije\u010dnja 2021. do 30. lipnja 2021 prikazane su u 2. projektnom biltenu&#8230;<\/p>\n<\/div>\n<\/div>\n<\/div>\n<p>[\/et_pb_text][et_pb_button button_url=&#8221;https:\/\/www.hgi-cgs.hr\/projekt-responsa-bilten-br-2\/&#8221; button_text=&#8221;Vi\u0161e&#8230;&#8221; button_alignment=&#8221;right&#8221; _builder_version=&#8221;4.16&#8243; _module_preset=&#8221;default&#8221; custom_button=&#8221;on&#8221; button_text_size=&#8221;16px&#8221; button_border_width=&#8221;0px&#8221; button_font=&#8221;|600|on||||||&#8221; button_icon=&#8221;&#x24;||divi||400&#8243; button_on_hover=&#8221;off&#8221; custom_margin=&#8221;-12px|||||&#8221; custom_padding=&#8221;|10px|||false|false&#8221; global_colors_info=&#8221;{}&#8221;][\/et_pb_button][\/et_pb_column][\/et_pb_row][et_pb_row column_structure=&#8221;1_4,3_4&#8243; _builder_version=&#8221;4.16&#8243; global_colors_info=&#8221;{}&#8221;][et_pb_column type=&#8221;1_4&#8243; _builder_version=&#8221;4.16&#8243; global_colors_info=&#8221;{}&#8221;][et_pb_image src=&#8221;https:\/\/www.hgi-cgs.hr\/wp-content\/uploads\/2021\/04\/210413_01-scaled.jpg&#8221; alt=&#8221;EMODnet logo&#8221; title_text=&#8221;210413_01&#8243; url=&#8221;https:\/\/www.hgi-cgs.hr\/odrzan-1-sastanak-s-predstavnicima-grada-kutine\/&#8221; _builder_version=&#8221;4.16&#8243; _module_preset=&#8221;default&#8221; custom_padding=&#8221;|||10px|false|false&#8221; border_radii=&#8221;off|5px|5px|5px|5px&#8221; box_shadow_style=&#8221;preset1&#8243; box_shadow_blur=&#8221;15px&#8221; global_colors_info=&#8221;{}&#8221;][\/et_pb_image][\/et_pb_column][et_pb_column type=&#8221;3_4&#8243; _builder_version=&#8221;4.16&#8243; global_colors_info=&#8221;{}&#8221;][et_pb_text _builder_version=&#8221;4.16&#8243; _module_preset=&#8221;default&#8221; header_6_text_color=&#8221;#1e5096&#8243; header_6_font_size=&#8221;20px&#8221; header_6_line_height=&#8221;1.2em&#8221; module_alignment=&#8221;left&#8221; custom_padding=&#8221;|10px||10px|false|true&#8221; header_6_text_shadow_style=&#8221;preset1&#8243; global_colors_info=&#8221;{}&#8221;]<\/p>\n<h6 style=\"text-align: left;\"><strong><\/strong><strong>Odr\u017ean 1. sastanak s predstavnicima Grada Kutine\u00a0<\/strong><\/h6>\n<div class=\"et_pb_column et_pb_column_4_4 et_pb_column_2  et_pb_css_mix_blend_mode_passthrough et-last-child\">\n<div class=\"et_pb_module et_pb_text et_pb_text_2  et_pb_text_align_left et_pb_bg_layout_light\">\n<div class=\"et_pb_text_inner\">\n<p>U sklopu projekta RESPONSa koji se provodi u okviru Interreg programa IPA CBC Hrvatska-Bosna i Hercegovina-Crna Gora, 8. travnja 2021. odr\u017ean je prvi sastanak izme\u0111u predstavnika Hrvatskog geolo\u0161kog instituta i Grada Kutine&#8230;<\/p>\n<\/div>\n<\/div>\n<\/div>\n<p>[\/et_pb_text][et_pb_button button_url=&#8221;https:\/\/www.hgi-cgs.hr\/odrzan-1-sastanak-s-predstavnicima-grada-kutine\/&#8221; button_text=&#8221;Vi\u0161e&#8230;&#8221; button_alignment=&#8221;right&#8221; _builder_version=&#8221;4.16&#8243; _module_preset=&#8221;default&#8221; custom_button=&#8221;on&#8221; button_text_size=&#8221;16px&#8221; button_border_width=&#8221;0px&#8221; button_font=&#8221;|600|on||||||&#8221; button_icon=&#8221;&#x24;||divi||400&#8243; button_on_hover=&#8221;off&#8221; custom_margin=&#8221;0px||||false|false&#8221; custom_padding=&#8221;|10px|||false|false&#8221; global_colors_info=&#8221;{}&#8221;][\/et_pb_button][\/et_pb_column][\/et_pb_row][et_pb_row column_structure=&#8221;1_4,3_4&#8243; _builder_version=&#8221;4.16&#8243; custom_margin=&#8221;30px|auto||auto||&#8221; global_colors_info=&#8221;{}&#8221;][et_pb_column type=&#8221;1_4&#8243; _builder_version=&#8221;4.16&#8243; global_colors_info=&#8221;{}&#8221;][et_pb_image src=&#8221;https:\/\/www.hgi-cgs.hr\/wp-content\/uploads\/2021\/04\/210324_Tuzla_01-scaled.jpg&#8221; alt=&#8221;Prezentacija RESPONSa projekta&#8221; title_text=&#8221;210324_Tuzla_01&#8243; url=&#8221;https:\/\/www.hgi-cgs.hr\/odrzan-sastanak-sa-predstavnicima-sluzbe-civilne-zastite-grada-tuzla\/&#8221; _builder_version=&#8221;4.16&#8243; _module_preset=&#8221;default&#8221; custom_padding=&#8221;|||10px|false|false&#8221; border_radii=&#8221;off|5px|5px|5px|5px&#8221; box_shadow_style=&#8221;preset1&#8243; box_shadow_blur=&#8221;15px&#8221; global_colors_info=&#8221;{}&#8221;][\/et_pb_image][\/et_pb_column][et_pb_column type=&#8221;3_4&#8243; _builder_version=&#8221;4.16&#8243; global_colors_info=&#8221;{}&#8221;][et_pb_text _builder_version=&#8221;4.16&#8243; _module_preset=&#8221;default&#8221; header_6_text_color=&#8221;#1e5096&#8243; header_6_font_size=&#8221;20px&#8221; header_6_line_height=&#8221;1.2em&#8221; module_alignment=&#8221;left&#8221; custom_padding=&#8221;|10px||10px|false|true&#8221; header_6_text_shadow_style=&#8221;preset1&#8243; global_colors_info=&#8221;{}&#8221;]<\/p>\n<h6 style=\"text-align: left;\">Odr\u017ean sastanak sa predstavnicima Slu\u017ebe civilne za\u0161tite Grada Tuzla<\/h6>\n<div class=\"et_pb_column et_pb_column_4_4 et_pb_column_2  et_pb_css_mix_blend_mode_passthrough et-last-child\">\n<div class=\"et_pb_module et_pb_text et_pb_text_2  et_pb_text_align_left et_pb_bg_layout_light\">\n<div class=\"et_pb_text_inner\">U okviru planiranih aktivnosti u drugom periodu projekta RESPONSa, 24.03.2021. godine u prostorijama Slu\u017ebe civilne za\u0161tite odr\u017ean je radni sastanak s predstavnicima Grada Tuzle, kao glavnog stakeholdera (krajnjeg korisnika)&#8230;<\/div>\n<\/div>\n<\/div>\n<p>[\/et_pb_text][et_pb_button button_url=&#8221;https:\/\/www.hgi-cgs.hr\/odrzan-sastanak-sa-predstavnicima-sluzbe-civilne-zastite-grada-tuzla\/&#8221; button_text=&#8221;Vi\u0161e&#8230;&#8221; button_alignment=&#8221;right&#8221; _builder_version=&#8221;4.16&#8243; _module_preset=&#8221;default&#8221; custom_button=&#8221;on&#8221; button_text_size=&#8221;16px&#8221; button_border_width=&#8221;0px&#8221; button_font=&#8221;|600|on||||||&#8221; button_icon=&#8221;&#x24;||divi||400&#8243; button_on_hover=&#8221;off&#8221; custom_margin=&#8221;-12px|||||&#8221; custom_padding=&#8221;|10px|||false|false&#8221; global_colors_info=&#8221;{}&#8221;][\/et_pb_button][\/et_pb_column][\/et_pb_row][et_pb_row column_structure=&#8221;1_4,3_4&#8243; _builder_version=&#8221;4.16&#8243; custom_margin=&#8221;30px|auto||auto||&#8221; global_colors_info=&#8221;{}&#8221;][et_pb_column type=&#8221;1_4&#8243; _builder_version=&#8221;4.16&#8243; global_colors_info=&#8221;{}&#8221;][et_pb_image src=&#8221;https:\/\/www.hgi-cgs.hr\/wp-content\/uploads\/2021\/02\/RESPONSa_color_cover_re.jpg&#8221; alt=&#8221;demonstracija modeliranja povr\u0161ine kori\u0161tenjem SKUA-GOCAD softwarea&#8221; title_text=&#8221;RESPONSa_color_cover_re&#8221; url=&#8221;https:\/\/www.hgi-cgs.hr\/projekt-responsa-bilten-br-1\/&#8221; _builder_version=&#8221;4.16&#8243; _module_preset=&#8221;default&#8221; custom_padding=&#8221;|||10px|false|false&#8221; border_radii=&#8221;off|5px|5px|5px|5px&#8221; box_shadow_style=&#8221;preset1&#8243; box_shadow_blur=&#8221;15px&#8221; global_colors_info=&#8221;{}&#8221;][\/et_pb_image][\/et_pb_column][et_pb_column type=&#8221;3_4&#8243; _builder_version=&#8221;4.16&#8243; global_colors_info=&#8221;{}&#8221;][et_pb_text _builder_version=&#8221;4.16&#8243; _module_preset=&#8221;default&#8221; header_6_text_color=&#8221;#1e5096&#8243; header_6_font_size=&#8221;20px&#8221; header_6_line_height=&#8221;1.2em&#8221; module_alignment=&#8221;left&#8221; custom_padding=&#8221;|10px||10px|false|true&#8221; header_6_text_shadow_style=&#8221;preset1&#8243; global_colors_info=&#8221;{}&#8221;]<\/p>\n<h6 style=\"text-align: left;\"><strong><em><\/em><\/strong><em>Projekt RESPONSa \u2013 Bilten br. 1<\/em><\/h6>\n<div class=\"et_pb_column et_pb_column_4_4 et_pb_column_2  et_pb_css_mix_blend_mode_passthrough et-last-child\">\n<div class=\"et_pb_module et_pb_text et_pb_text_2  et_pb_text_align_left et_pb_bg_layout_light\">\n<div class=\"et_pb_text_inner\">Izvje\u0161taj za 1. projektni period podnesen je 15.01.2021. Prikaz najva\u017enijih aktivnosti koje su provedene u sklopu ovog perioda prikazane su u 1. projektnom biltenu&#8230;<\/div>\n<\/div>\n<\/div>\n<p>[\/et_pb_text][et_pb_button button_url=&#8221;https:\/\/www.hgi-cgs.hr\/projekt-responsa-bilten-br-1\/&#8221; button_text=&#8221;Vi\u0161e&#8230;&#8221; button_alignment=&#8221;right&#8221; _builder_version=&#8221;4.16&#8243; _module_preset=&#8221;default&#8221; custom_button=&#8221;on&#8221; button_text_size=&#8221;16px&#8221; button_border_width=&#8221;0px&#8221; button_font=&#8221;|600|on||||||&#8221; button_icon=&#8221;&#x24;||divi||400&#8243; button_on_hover=&#8221;off&#8221; custom_margin=&#8221;-12px|||||&#8221; custom_padding=&#8221;|10px|||false|false&#8221; global_colors_info=&#8221;{}&#8221;][\/et_pb_button][\/et_pb_column][\/et_pb_row][et_pb_row column_structure=&#8221;1_4,3_4&#8243; _builder_version=&#8221;4.16&#8243; global_colors_info=&#8221;{}&#8221;][et_pb_column type=&#8221;1_4&#8243; _builder_version=&#8221;4.16&#8243; global_colors_info=&#8221;{}&#8221;][et_pb_image src=&#8221;https:\/\/www.hgi-cgs.hr\/wp-content\/uploads\/2020\/11\/responsa_novosti-1.jpg&#8221; alt=&#8221;demonstracija modeliranja povr\u0161ine kori\u0161tenjem SKUA-GOCAD softwarea&#8221; title_text=&#8221;responsa_novosti&#8221; url=&#8221;https:\/\/www.hgi-cgs.hr\/odrzana-1-projektna-radionica-projekta-responsa\/&#8221; _builder_version=&#8221;4.16&#8243; _module_preset=&#8221;default&#8221; custom_padding=&#8221;|||10px|false|false&#8221; border_radii=&#8221;off|5px|5px|5px|5px&#8221; box_shadow_style=&#8221;preset1&#8243; box_shadow_blur=&#8221;15px&#8221; global_colors_info=&#8221;{}&#8221;][\/et_pb_image][\/et_pb_column][et_pb_column type=&#8221;3_4&#8243; _builder_version=&#8221;4.16&#8243; global_colors_info=&#8221;{}&#8221;][et_pb_text _builder_version=&#8221;4.16&#8243; _module_preset=&#8221;default&#8221; header_6_text_color=&#8221;#1e5096&#8243; header_6_font_size=&#8221;20px&#8221; header_6_line_height=&#8221;1.2em&#8221; module_alignment=&#8221;left&#8221; custom_padding=&#8221;|10px||10px|false|true&#8221; header_6_text_shadow_style=&#8221;preset1&#8243; global_colors_info=&#8221;{}&#8221;]<\/p>\n<h6 style=\"text-align: left;\"><strong><em>Odr\u017eana 1. projektna radionica projekta RESPONSa<\/em><\/strong><\/h6>\n<div class=\"et_pb_column et_pb_column_4_4 et_pb_column_2  et_pb_css_mix_blend_mode_passthrough et-last-child\">\n<div class=\"et_pb_module et_pb_text et_pb_text_2  et_pb_text_align_left et_pb_bg_layout_light\">\n<div class=\"et_pb_text_inner\">\n<p>\u201eGodina 2020. \u0107e po mnogo\u010demu ostati u lo\u0161em sje\u0107anju. Po\u010detak projekta <em><strong>RESPONSa<\/strong><\/em> daje protute\u017eu svim tim nemilim doga\u0111ajima. Ovaj projekt je nastavak uspje\u0161nog <strong><em>SafEarth<\/em><\/strong> projekta koji je izme\u0111u ostalog, priznat te prikazan na EURegionsWeek2019 kao primjer dobre prakse&#8230;<\/p>\n<\/div>\n<\/div>\n<\/div>\n<p>[\/et_pb_text][et_pb_button button_url=&#8221;https:\/\/www.hgi-cgs.hr\/odrzana-1-projektna-radionica-projekta-responsa\/&#8221; button_text=&#8221;Vi\u0161e&#8230;&#8221; button_alignment=&#8221;right&#8221; _builder_version=&#8221;4.16&#8243; _module_preset=&#8221;default&#8221; custom_button=&#8221;on&#8221; button_text_size=&#8221;16px&#8221; button_border_width=&#8221;0px&#8221; button_font=&#8221;|600|on||||||&#8221; button_icon=&#8221;&#x24;||divi||400&#8243; button_on_hover=&#8221;off&#8221; custom_margin=&#8221;-12px|||||&#8221; custom_padding=&#8221;|10px|||false|false&#8221; global_colors_info=&#8221;{}&#8221;][\/et_pb_button][\/et_pb_column][\/et_pb_row][et_pb_row _builder_version=&#8221;4.16&#8243; _module_preset=&#8221;default&#8221; custom_margin=&#8221;44px|auto||auto||&#8221; global_colors_info=&#8221;{}&#8221;][et_pb_column type=&#8221;4_4&#8243; _builder_version=&#8221;4.16&#8243; _module_preset=&#8221;default&#8221; global_colors_info=&#8221;{}&#8221;][et_pb_text _builder_version=&#8221;4.16&#8243; _module_preset=&#8221;default&#8221; global_colors_info=&#8221;{}&#8221;]<\/p>\n<p><em>\u00a0\u201eProjekt je sufinanciran sredstvima EFRR i IPA II fondova Europske unije.\u201c<\/em><\/p>\n<p>[\/et_pb_text][\/et_pb_column][\/et_pb_row][et_pb_row _builder_version=&#8221;4.16&#8243; _module_preset=&#8221;default&#8221; custom_margin=&#8221;|auto|18px|auto||&#8221; custom_padding=&#8221;||30px|||&#8221; global_colors_info=&#8221;{}&#8221;][et_pb_column type=&#8221;4_4&#8243; _builder_version=&#8221;4.16&#8243; _module_preset=&#8221;default&#8221; global_colors_info=&#8221;{}&#8221;][et_pb_text _builder_version=&#8221;4.16&#8243; _module_preset=&#8221;default&#8221; global_colors_info=&#8221;{}&#8221;]<\/p>\n<p style=\"text-align: right;\">1 2<\/p>\n<p>[\/et_pb_text][\/et_pb_column][\/et_pb_row][\/et_pb_section]<\/p>\n","protected":false},"excerpt":{"rendered":"<p>RESPONSa &#8211; NOVOSTI &amp; OBAVIJESTILead partner and project partners: Croatian geological survey; Faculty of Mining, Geology and Civil Engineering (RGGF); Geological Survey of Montenegro (GSM) Istra\u017eivanja u Sivoj Istri (promo video) &nbsp; Sporazum o suradnji izme\u0111u Hrvatskog geolo\u0161kog instituta i Grada Kutine u sklopu RESPONSa projekta (Interreg IPA \u2013 CBC Hrvatska-Bosna i Hercegovina-Crna Gora) U [&hellip;]<\/p>\n","protected":false},"author":1,"featured_media":0,"parent":0,"menu_order":0,"comment_status":"closed","ping_status":"closed","template":"","meta":{"_et_pb_use_builder":"on","_et_pb_old_content":"","_et_gb_content_width":"","footnotes":""},"class_list":["post-36794","page","type-page","status-publish","hentry"],"aioseo_notices":[],"_links":{"self":[{"href":"https:\/\/www.hgi-cgs.hr\/en\/wp-json\/wp\/v2\/pages\/36794","targetHints":{"allow":["GET"]}}],"collection":[{"href":"https:\/\/www.hgi-cgs.hr\/en\/wp-json\/wp\/v2\/pages"}],"about":[{"href":"https:\/\/www.hgi-cgs.hr\/en\/wp-json\/wp\/v2\/types\/page"}],"author":[{"embeddable":true,"href":"https:\/\/www.hgi-cgs.hr\/en\/wp-json\/wp\/v2\/users\/1"}],"replies":[{"embeddable":true,"href":"https:\/\/www.hgi-cgs.hr\/en\/wp-json\/wp\/v2\/comments?post=36794"}],"version-history":[{"count":26,"href":"https:\/\/www.hgi-cgs.hr\/en\/wp-json\/wp\/v2\/pages\/36794\/revisions"}],"predecessor-version":[{"id":41966,"href":"https:\/\/www.hgi-cgs.hr\/en\/wp-json\/wp\/v2\/pages\/36794\/revisions\/41966"}],"wp:attachment":[{"href":"https:\/\/www.hgi-cgs.hr\/en\/wp-json\/wp\/v2\/media?parent=36794"}],"curies":[{"name":"wp","href":"https:\/\/api.w.org\/{rel}","templated":true}]}}